{"id":674,"date":"2019-05-20T18:11:06","date_gmt":"2019-05-20T16:11:06","guid":{"rendered":"https:\/\/www.usc-dolorssabate.es\/?page_id=674"},"modified":"2025-02-21T19:49:18","modified_gmt":"2025-02-21T18:49:18","slug":"libros-ingles","status":"publish","type":"page","link":"https:\/\/www.usc-dolorssabate.es\/index.php\/en\/libros-ingles\/","title":{"rendered":"libros (ingles)"},"content":{"rendered":"<div class=\"fusion-fullwidth fullwidth-box fusion-builder-row-1 nonhundred-percent-fullwidth non-hundred-percent-height-scrolling\" style=\"--awb-border-radius-top-left:0px;--awb-border-radius-top-right:0px;--awb-border-radius-bottom-right:0px;--awb-border-radius-bottom-left:0px;--awb-flex-wrap:wrap;\" ><div class=\"fusion-builder-row fusion-row\"><div class=\"fusion-layout-column fusion_builder_column fusion-builder-column-0 fusion_builder_column_1_1 1_1 fusion-one-full fusion-column-first fusion-column-last\" style=\"--awb-bg-size:cover;\"><div class=\"fusion-column-wrapper fusion-column-has-shadow fusion-flex-column-wrapper-legacy\"><div class=\"fusion-blog-shortcode fusion-blog-shortcode-1 fusion-blog-archive fusion-blog-layout-grid-wrapper fusion-blog-no fusion-blog-layout-center\"><style type=\"text\/css\">.fusion-blog-shortcode-1 .fusion-blog-layout-grid .fusion-post-grid{padding:20px;}.fusion-blog-shortcode-1 .fusion-posts-container{margin-left: -20px !important; margin-right:-20px !important;}<\/style><div class=\"fusion-posts-container fusion-posts-container-no fusion-no-meta-info fusion-blog-rollover fusion-blog-layout-grid fusion-blog-layout-grid-3 isotope fusion-blog-equal-heights\" data-pages=\"2\" data-grid-col-space=\"40\" style=\"margin: -20px -20px 0;min-height:500px;\"><article id=\"blog-1-post-706\" class=\"fusion-post-grid post-706 post type-post status-publish format-standard has-post-thumbnail hentry category-sin-categoria-en\">\n<div class=\"fusion-post-wrapper\" style=\"background-color:rgba(255,255,255,0);border:1px solid #ebeaea;border-bottom-width:3px;\">\n\n\t\t\t<div class=\"fusion-flexslider flexslider fusion-flexslider-loading fusion-post-slideshow\" style=\"border-color:#ebeaea;\">\n\t\t<ul class=\"slides\">\n\t\t\t\n\t\t\t\t\t\t\t\t\t\t\t\t\t\t<li><div  class=\"fusion-image-wrapper\" aria-haspopup=\"true\">\n\t\t\t\t<img decoding=\"async\" width=\"704\" height=\"342\" src=\"https:\/\/www.usc-dolorssabate.es\/wp-content\/uploads\/2019\/10\/Germanistik.png\" class=\"attachment-full size-full wp-post-image\" alt=\"\" srcset=\"https:\/\/www.usc-dolorssabate.es\/wp-content\/uploads\/2019\/10\/Germanistik-200x97.png 200w, https:\/\/www.usc-dolorssabate.es\/wp-content\/uploads\/2019\/10\/Germanistik-400x194.png 400w, https:\/\/www.usc-dolorssabate.es\/wp-content\/uploads\/2019\/10\/Germanistik-600x291.png 600w, https:\/\/www.usc-dolorssabate.es\/wp-content\/uploads\/2019\/10\/Germanistik.png 704w\" sizes=\"(min-width: 2200px) 100vw, (min-width: 784px) 340px, (min-width: 712px) 510px, (min-width: 640px) 712px, \" \/><div class=\"fusion-rollover\">\n\t<div class=\"fusion-rollover-content\">\n\n\t\t\t\t\t\t\t\t\t\t\t\t\t\t<a class=\"fusion-rollover-link\" href=\"https:\/\/www.usc-dolorssabate.es\/index.php\/en\/2019\/10\/23\/germanistik-im-umbruch-literatur-und-kultur-3\/\">Germanistik im Umbruch &#8211; Literatur und Kultur<\/a>\n\t\t\t\n\t\t\t\t\t\t\t\t\t\t\t\t\t\t\n\t\t\t\t\t\t\t\t\n\t\t\t\t\t\t\t\t\t\t\t\t\t<div class=\"fusion-rollover-sep\"><\/div>\n\t\t\t\t\n\t\t\t\t\t\t\t\t\t\t\t\t\t\t\t\t\t\t<a class=\"fusion-rollover-gallery\" href=\"https:\/\/www.usc-dolorssabate.es\/wp-content\/uploads\/2019\/10\/Germanistik.png\" data-options=\"\" data-id=\"706\" data-rel=\"iLightbox[gallery]\" data-title=\"Germanistik\" data-caption=\"\">\n\t\t\t\t\t\tGaler\u00eda\t\t\t\t\t<\/a>\n\t\t\t\t\t\t\t\t\t\t\t\t\t\t\n\t\t\n\t\t\t\t\t\t\t\t\t\t\t\t<h4 class=\"fusion-rollover-title\">\n\t\t\t\t\t<a class=\"fusion-rollover-title-link\" href=\"https:\/\/www.usc-dolorssabate.es\/index.php\/en\/2019\/10\/23\/germanistik-im-umbruch-literatur-und-kultur-3\/\">\n\t\t\t\t\t\tGermanistik im Umbruch &#8211; Literatur und Kultur\t\t\t\t\t<\/a>\n\t\t\t\t<\/h4>\n\t\t\t\n\t\t\t\t\t\t\t\t\t\t<div class=\"fusion-rollover-categories\"><a href=\"https:\/\/www.usc-dolorssabate.es\/index.php\/en\/category\/sin-categoria-en\/\" rel=\"tag\">Sin categor\u00eda<\/a><\/div>\t\t\t\t\t\n\t\t\n\t\t\t\t\t\t<a class=\"fusion-link-wrapper\" href=\"https:\/\/www.usc-dolorssabate.es\/index.php\/en\/2019\/10\/23\/germanistik-im-umbruch-literatur-und-kultur-3\/\" aria-label=\"Germanistik im Umbruch &#8211; Literatur und Kultur\"><\/a>\n\t<\/div>\n<\/div>\n<\/div>\n<\/li>\n\t\t\t\n\t\t\t\n\t\t\t\t\t\t\t\t\t\t\t\t\t\t\t\t\t\t\t\t\t\t\t\t\t\t\t\t\t\t\t\t\t\t\t\t\t\t\t\t\t\t\t\t\t\t\t\t\t\t\t\t\t\t\t\t\t\t\t\t\t\t\t\t\t\t\t\t<\/ul>\n\t<\/div>\n\t<div class=\"fusion-post-content-wrapper\" style=\"padding:30px 25px 20px 25px;\"><div class=\"fusion-post-content post-content\"><h2 class=\"blog-shortcode-post-title entry-title\"><a href=\"https:\/\/www.usc-dolorssabate.es\/index.php\/en\/2019\/10\/23\/germanistik-im-umbruch-literatur-und-kultur-3\/\">Germanistik im Umbruch &#8211; Literatur und Kultur<\/a><\/h2><div class=\"fusion-post-content-container\"><p>Sabat\u00e9, Dolors: Windisch, Sebastian (ed.). Frank &amp; Timme. Berlin. 2019.<\/p><\/div><\/div><\/div><div class=\"fusion-clearfix\"><\/div><\/div>\n<\/article>\n<article id=\"blog-1-post-709\" class=\"fusion-post-grid post-709 post type-post status-publish format-standard has-post-thumbnail hentry category-sin-categoria-en\">\n<div class=\"fusion-post-wrapper\" style=\"background-color:rgba(255,255,255,0);border:1px solid #ebeaea;border-bottom-width:3px;\">\n\n\t\t\t<div class=\"fusion-flexslider flexslider fusion-flexslider-loading fusion-post-slideshow\" style=\"border-color:#ebeaea;\">\n\t\t<ul class=\"slides\">\n\t\t\t\n\t\t\t\t\t\t\t\t\t\t\t\t\t\t<li><div  class=\"fusion-image-wrapper\" aria-haspopup=\"true\">\n\t\t\t\t<img decoding=\"async\" width=\"705\" height=\"342\" src=\"https:\/\/www.usc-dolorssabate.es\/wp-content\/uploads\/2019\/05\/lib-05.jpg\" class=\"attachment-full size-full wp-post-image\" alt=\"\" srcset=\"https:\/\/www.usc-dolorssabate.es\/wp-content\/uploads\/2019\/05\/lib-05-200x97.jpg 200w, https:\/\/www.usc-dolorssabate.es\/wp-content\/uploads\/2019\/05\/lib-05-400x194.jpg 400w, https:\/\/www.usc-dolorssabate.es\/wp-content\/uploads\/2019\/05\/lib-05-600x291.jpg 600w, https:\/\/www.usc-dolorssabate.es\/wp-content\/uploads\/2019\/05\/lib-05.jpg 705w\" sizes=\"(min-width: 2200px) 100vw, (min-width: 784px) 340px, (min-width: 712px) 510px, (min-width: 640px) 712px, \" \/><div class=\"fusion-rollover\">\n\t<div class=\"fusion-rollover-content\">\n\n\t\t\t\t\t\t\t\t\t\t\t\t\t\t<a class=\"fusion-rollover-link\" href=\"https:\/\/www.usc-dolorssabate.es\/index.php\/en\/2019\/10\/23\/cuando-el-destino-es-el-desarraigo\/\">Cuando el destino es el desarraigo<\/a>\n\t\t\t\n\t\t\t\t\t\t\t\t\t\t\t\t\t\t\n\t\t\t\t\t\t\t\t\n\t\t\t\t\t\t\t\t\t\t\t\t\t<div class=\"fusion-rollover-sep\"><\/div>\n\t\t\t\t\n\t\t\t\t\t\t\t\t\t\t\t\t\t\t\t\t\t\t<a class=\"fusion-rollover-gallery\" href=\"https:\/\/www.usc-dolorssabate.es\/wp-content\/uploads\/2019\/05\/lib-05.jpg\" data-options=\"\" data-id=\"709\" data-rel=\"iLightbox[gallery]\" data-title=\"lib-05\" data-caption=\"\">\n\t\t\t\t\t\tGaler\u00eda\t\t\t\t\t<\/a>\n\t\t\t\t\t\t\t\t\t\t\t\t\t\t\n\t\t\n\t\t\t\t\t\t\t\t\t\t\t\t<h4 class=\"fusion-rollover-title\">\n\t\t\t\t\t<a class=\"fusion-rollover-title-link\" href=\"https:\/\/www.usc-dolorssabate.es\/index.php\/en\/2019\/10\/23\/cuando-el-destino-es-el-desarraigo\/\">\n\t\t\t\t\t\tCuando el destino es el desarraigo\t\t\t\t\t<\/a>\n\t\t\t\t<\/h4>\n\t\t\t\n\t\t\t\t\t\t\t\t\t\t<div class=\"fusion-rollover-categories\"><a href=\"https:\/\/www.usc-dolorssabate.es\/index.php\/en\/category\/sin-categoria-en\/\" rel=\"tag\">Sin categor\u00eda<\/a><\/div>\t\t\t\t\t\n\t\t\n\t\t\t\t\t\t<a class=\"fusion-link-wrapper\" href=\"https:\/\/www.usc-dolorssabate.es\/index.php\/en\/2019\/10\/23\/cuando-el-destino-es-el-desarraigo\/\" aria-label=\"Cuando el destino es el desarraigo\"><\/a>\n\t<\/div>\n<\/div>\n<\/div>\n<\/li>\n\t\t\t\n\t\t\t\n\t\t\t\t\t\t\t\t\t\t\t\t\t\t\t\t\t\t\t\t\t\t\t\t\t\t\t\t\t\t\t\t\t\t\t\t\t\t\t\t\t\t\t\t\t\t\t\t\t\t\t\t\t\t\t\t\t\t\t\t\t\t\t\t\t\t\t\t<\/ul>\n\t<\/div>\n\t<div class=\"fusion-post-content-wrapper\" style=\"padding:30px 25px 20px 25px;\"><div class=\"fusion-post-content post-content\"><h2 class=\"blog-shortcode-post-title entry-title\"><a href=\"https:\/\/www.usc-dolorssabate.es\/index.php\/en\/2019\/10\/23\/cuando-el-destino-es-el-desarraigo\/\">Cuando el destino es el desarraigo<\/a><\/h2><div class=\"fusion-post-content-container\"><p>Sabat\u00e9 Planes, Dolors; Bascoy, Montserrat (eds.) Biblioteca Nueva, Madrid, 2016.<\/p><\/div><\/div><\/div><div class=\"fusion-clearfix\"><\/div><\/div>\n<\/article>\n<article id=\"blog-1-post-713\" class=\"fusion-post-grid post-713 post type-post status-publish format-standard has-post-thumbnail hentry category-sin-categoria-en\">\n<div class=\"fusion-post-wrapper\" style=\"background-color:rgba(255,255,255,0);border:1px solid #ebeaea;border-bottom-width:3px;\">\n\n\t\t\t<div class=\"fusion-flexslider flexslider fusion-flexslider-loading fusion-post-slideshow\" style=\"border-color:#ebeaea;\">\n\t\t<ul class=\"slides\">\n\t\t\t\n\t\t\t\t\t\t\t\t\t\t\t\t\t\t<li><div  class=\"fusion-image-wrapper\" aria-haspopup=\"true\">\n\t\t\t\t<img decoding=\"async\" width=\"705\" height=\"343\" src=\"https:\/\/www.usc-dolorssabate.es\/wp-content\/uploads\/2019\/05\/lib-07.jpg\" class=\"attachment-full size-full wp-post-image\" alt=\"\" srcset=\"https:\/\/www.usc-dolorssabate.es\/wp-content\/uploads\/2019\/05\/lib-07-200x97.jpg 200w, https:\/\/www.usc-dolorssabate.es\/wp-content\/uploads\/2019\/05\/lib-07-400x195.jpg 400w, https:\/\/www.usc-dolorssabate.es\/wp-content\/uploads\/2019\/05\/lib-07-600x292.jpg 600w, https:\/\/www.usc-dolorssabate.es\/wp-content\/uploads\/2019\/05\/lib-07.jpg 705w\" sizes=\"(min-width: 2200px) 100vw, (min-width: 784px) 340px, (min-width: 712px) 510px, (min-width: 640px) 712px, \" \/><div class=\"fusion-rollover\">\n\t<div class=\"fusion-rollover-content\">\n\n\t\t\t\t\t\t\t\t\t\t\t\t\t\t<a class=\"fusion-rollover-link\" href=\"https:\/\/www.usc-dolorssabate.es\/index.php\/en\/2019\/10\/23\/apropos-avantgarde-neue-einblicke-nach-einhundert-jahren\/\">Apropos Avantgarde.  Neue Einblicke nach einhundert Jahren.<\/a>\n\t\t\t\n\t\t\t\t\t\t\t\t\t\t\t\t\t\t\n\t\t\t\t\t\t\t\t\n\t\t\t\t\t\t\t\t\t\t\t\t\t<div class=\"fusion-rollover-sep\"><\/div>\n\t\t\t\t\n\t\t\t\t\t\t\t\t\t\t\t\t\t\t\t\t\t\t<a class=\"fusion-rollover-gallery\" href=\"https:\/\/www.usc-dolorssabate.es\/wp-content\/uploads\/2019\/05\/lib-07.jpg\" data-options=\"\" data-id=\"713\" data-rel=\"iLightbox[gallery]\" data-title=\"lib-07\" data-caption=\"\">\n\t\t\t\t\t\tGaler\u00eda\t\t\t\t\t<\/a>\n\t\t\t\t\t\t\t\t\t\t\t\t\t\t\n\t\t\n\t\t\t\t\t\t\t\t\t\t\t\t<h4 class=\"fusion-rollover-title\">\n\t\t\t\t\t<a class=\"fusion-rollover-title-link\" href=\"https:\/\/www.usc-dolorssabate.es\/index.php\/en\/2019\/10\/23\/apropos-avantgarde-neue-einblicke-nach-einhundert-jahren\/\">\n\t\t\t\t\t\tApropos Avantgarde.  Neue Einblicke nach einhundert Jahren.\t\t\t\t\t<\/a>\n\t\t\t\t<\/h4>\n\t\t\t\n\t\t\t\t\t\t\t\t\t\t<div class=\"fusion-rollover-categories\"><a href=\"https:\/\/www.usc-dolorssabate.es\/index.php\/en\/category\/sin-categoria-en\/\" rel=\"tag\">Sin categor\u00eda<\/a><\/div>\t\t\t\t\t\n\t\t\n\t\t\t\t\t\t<a class=\"fusion-link-wrapper\" href=\"https:\/\/www.usc-dolorssabate.es\/index.php\/en\/2019\/10\/23\/apropos-avantgarde-neue-einblicke-nach-einhundert-jahren\/\" aria-label=\"Apropos Avantgarde.  Neue Einblicke nach einhundert Jahren.\"><\/a>\n\t<\/div>\n<\/div>\n<\/div>\n<\/li>\n\t\t\t\n\t\t\t\n\t\t\t\t\t\t\t\t\t\t\t\t\t\t\t\t\t\t\t\t\t\t\t\t\t\t\t\t\t\t\t\t\t\t\t\t\t\t\t\t\t\t\t\t\t\t\t\t\t\t\t\t\t\t\t\t\t\t\t\t\t\t\t\t\t\t\t\t<\/ul>\n\t<\/div>\n\t<div class=\"fusion-post-content-wrapper\" style=\"padding:30px 25px 20px 25px;\"><div class=\"fusion-post-content post-content\"><h2 class=\"blog-shortcode-post-title entry-title\"><a href=\"https:\/\/www.usc-dolorssabate.es\/index.php\/en\/2019\/10\/23\/apropos-avantgarde-neue-einblicke-nach-einhundert-jahren\/\">Apropos Avantgarde.  Neue Einblicke nach einhundert Jahren.<\/a><\/h2><div class=\"fusion-post-content-container\"><p>Sabat\u00e9 Planes\u00b8 Dolors; Feij\u00f3o, Jaime (eds.) Frank &amp; Timme, Berlin, 2011.<\/p><\/div><\/div><\/div><div class=\"fusion-clearfix\"><\/div><\/div>\n<\/article>\n<article id=\"blog-1-post-717\" class=\"fusion-post-grid post-717 post type-post status-publish format-standard has-post-thumbnail hentry category-sin-categoria-en\">\n<div class=\"fusion-post-wrapper\" style=\"background-color:rgba(255,255,255,0);border:1px solid #ebeaea;border-bottom-width:3px;\">\n\n\t\t\t<div class=\"fusion-flexslider flexslider fusion-flexslider-loading fusion-post-slideshow\" style=\"border-color:#ebeaea;\">\n\t\t<ul class=\"slides\">\n\t\t\t\n\t\t\t\t\t\t\t\t\t\t\t\t\t\t<li><div  class=\"fusion-image-wrapper\" aria-haspopup=\"true\">\n\t\t\t\t<img decoding=\"async\" width=\"704\" height=\"343\" src=\"https:\/\/www.usc-dolorssabate.es\/wp-content\/uploads\/2019\/05\/lib-06.jpg\" class=\"attachment-full size-full wp-post-image\" alt=\"\" srcset=\"https:\/\/www.usc-dolorssabate.es\/wp-content\/uploads\/2019\/05\/lib-06-200x97.jpg 200w, https:\/\/www.usc-dolorssabate.es\/wp-content\/uploads\/2019\/05\/lib-06-400x195.jpg 400w, https:\/\/www.usc-dolorssabate.es\/wp-content\/uploads\/2019\/05\/lib-06-600x292.jpg 600w, https:\/\/www.usc-dolorssabate.es\/wp-content\/uploads\/2019\/05\/lib-06.jpg 704w\" sizes=\"(min-width: 2200px) 100vw, (min-width: 784px) 340px, (min-width: 712px) 510px, (min-width: 640px) 712px, \" \/><div class=\"fusion-rollover\">\n\t<div class=\"fusion-rollover-content\">\n\n\t\t\t\t\t\t\t\t\t\t\t\t\t\t<a class=\"fusion-rollover-link\" href=\"https:\/\/www.usc-dolorssabate.es\/index.php\/en\/2019\/10\/23\/bettina-von-arnim\/\">Bettina Von Arnim<\/a>\n\t\t\t\n\t\t\t\t\t\t\t\t\t\t\t\t\t\t\n\t\t\t\t\t\t\t\t\n\t\t\t\t\t\t\t\t\t\t\t\t\t<div class=\"fusion-rollover-sep\"><\/div>\n\t\t\t\t\n\t\t\t\t\t\t\t\t\t\t\t\t\t\t\t\t\t\t<a class=\"fusion-rollover-gallery\" href=\"https:\/\/www.usc-dolorssabate.es\/wp-content\/uploads\/2019\/05\/lib-06.jpg\" data-options=\"\" data-id=\"717\" data-rel=\"iLightbox[gallery]\" data-title=\"lib-06\" data-caption=\"\">\n\t\t\t\t\t\tGaler\u00eda\t\t\t\t\t<\/a>\n\t\t\t\t\t\t\t\t\t\t\t\t\t\t\n\t\t\n\t\t\t\t\t\t\t\t\t\t\t\t<h4 class=\"fusion-rollover-title\">\n\t\t\t\t\t<a class=\"fusion-rollover-title-link\" href=\"https:\/\/www.usc-dolorssabate.es\/index.php\/en\/2019\/10\/23\/bettina-von-arnim\/\">\n\t\t\t\t\t\tBettina Von Arnim\t\t\t\t\t<\/a>\n\t\t\t\t<\/h4>\n\t\t\t\n\t\t\t\t\t\t\t\t\t\t<div class=\"fusion-rollover-categories\"><a href=\"https:\/\/www.usc-dolorssabate.es\/index.php\/en\/category\/sin-categoria-en\/\" rel=\"tag\">Sin categor\u00eda<\/a><\/div>\t\t\t\t\t\n\t\t\n\t\t\t\t\t\t<a class=\"fusion-link-wrapper\" href=\"https:\/\/www.usc-dolorssabate.es\/index.php\/en\/2019\/10\/23\/bettina-von-arnim\/\" aria-label=\"Bettina Von Arnim\"><\/a>\n\t<\/div>\n<\/div>\n<\/div>\n<\/li>\n\t\t\t\n\t\t\t\n\t\t\t\t\t\t\t\t\t\t\t\t\t\t\t\t\t\t\t\t\t\t\t\t\t\t\t\t\t\t\t\t\t\t\t\t\t\t\t\t\t\t\t\t\t\t\t\t\t\t\t\t\t\t\t\t\t\t\t\t\t\t\t\t\t\t\t\t<\/ul>\n\t<\/div>\n\t<div class=\"fusion-post-content-wrapper\" style=\"padding:30px 25px 20px 25px;\"><div class=\"fusion-post-content post-content\"><h2 class=\"blog-shortcode-post-title entry-title\"><a href=\"https:\/\/www.usc-dolorssabate.es\/index.php\/en\/2019\/10\/23\/bettina-von-arnim\/\">Bettina Von Arnim<\/a><\/h2><div class=\"fusion-post-content-container\"><p>Sabat\u00e9 Planes, Dolors. Ediciones del Orto, Madrid, 2011.<\/p><\/div><\/div><\/div><div class=\"fusion-clearfix\"><\/div><\/div>\n<\/article>\n<article id=\"blog-1-post-722\" class=\"fusion-post-grid post-722 post type-post status-publish format-standard has-post-thumbnail hentry category-sin-categoria-en\">\n<div class=\"fusion-post-wrapper\" style=\"background-color:rgba(255,255,255,0);border:1px solid #ebeaea;border-bottom-width:3px;\">\n\n\t\t\t<div class=\"fusion-flexslider flexslider fusion-flexslider-loading fusion-post-slideshow\" style=\"border-color:#ebeaea;\">\n\t\t<ul class=\"slides\">\n\t\t\t\n\t\t\t\t\t\t\t\t\t\t\t\t\t\t<li><div  class=\"fusion-image-wrapper\" aria-haspopup=\"true\">\n\t\t\t\t<img decoding=\"async\" width=\"704\" height=\"342\" src=\"https:\/\/www.usc-dolorssabate.es\/wp-content\/uploads\/2019\/05\/lib-02.jpg\" class=\"attachment-full size-full wp-post-image\" alt=\"\" srcset=\"https:\/\/www.usc-dolorssabate.es\/wp-content\/uploads\/2019\/05\/lib-02-200x97.jpg 200w, https:\/\/www.usc-dolorssabate.es\/wp-content\/uploads\/2019\/05\/lib-02-400x194.jpg 400w, https:\/\/www.usc-dolorssabate.es\/wp-content\/uploads\/2019\/05\/lib-02-600x291.jpg 600w, https:\/\/www.usc-dolorssabate.es\/wp-content\/uploads\/2019\/05\/lib-02.jpg 704w\" sizes=\"(min-width: 2200px) 100vw, (min-width: 784px) 340px, (min-width: 712px) 510px, (min-width: 640px) 712px, \" \/><div class=\"fusion-rollover\">\n\t<div class=\"fusion-rollover-content\">\n\n\t\t\t\t\t\t\t\t\t\t\t\t\t\t<a class=\"fusion-rollover-link\" href=\"https:\/\/www.usc-dolorssabate.es\/index.php\/en\/2019\/10\/23\/die-glaserne-decke-fakt-order-fiktion-eine-literarische-spurensuchen-in-deutschsprachigen-texten-von-autorinnen\/\">Die Gl\u00e4serne Decke: Fakt order Fiktion? Eine literarische Spurensuchen in deutschsprachigen Texten von Autorinnen<\/a>\n\t\t\t\n\t\t\t\t\t\t\t\t\t\t\t\t\t\t\n\t\t\t\t\t\t\t\t\n\t\t\t\t\t\t\t\t\t\t\t\t\t<div class=\"fusion-rollover-sep\"><\/div>\n\t\t\t\t\n\t\t\t\t\t\t\t\t\t\t\t\t\t\t\t\t\t\t<a class=\"fusion-rollover-gallery\" href=\"https:\/\/www.usc-dolorssabate.es\/wp-content\/uploads\/2019\/05\/lib-02.jpg\" data-options=\"\" data-id=\"722\" data-rel=\"iLightbox[gallery]\" data-title=\"lib-02\" data-caption=\"\">\n\t\t\t\t\t\tGaler\u00eda\t\t\t\t\t<\/a>\n\t\t\t\t\t\t\t\t\t\t\t\t\t\t\n\t\t\n\t\t\t\t\t\t\t\t\t\t\t\t<h4 class=\"fusion-rollover-title\">\n\t\t\t\t\t<a class=\"fusion-rollover-title-link\" href=\"https:\/\/www.usc-dolorssabate.es\/index.php\/en\/2019\/10\/23\/die-glaserne-decke-fakt-order-fiktion-eine-literarische-spurensuchen-in-deutschsprachigen-texten-von-autorinnen\/\">\n\t\t\t\t\t\tDie Gl\u00e4serne Decke: Fakt order Fiktion? Eine literarische Spurensuchen in deutschsprachigen Texten von Autorinnen\t\t\t\t\t<\/a>\n\t\t\t\t<\/h4>\n\t\t\t\n\t\t\t\t\t\t\t\t\t\t<div class=\"fusion-rollover-categories\"><a href=\"https:\/\/www.usc-dolorssabate.es\/index.php\/en\/category\/sin-categoria-en\/\" rel=\"tag\">Sin categor\u00eda<\/a><\/div>\t\t\t\t\t\n\t\t\n\t\t\t\t\t\t<a class=\"fusion-link-wrapper\" href=\"https:\/\/www.usc-dolorssabate.es\/index.php\/en\/2019\/10\/23\/die-glaserne-decke-fakt-order-fiktion-eine-literarische-spurensuchen-in-deutschsprachigen-texten-von-autorinnen\/\" aria-label=\"Die Gl\u00e4serne Decke: Fakt order Fiktion? Eine literarische Spurensuchen in deutschsprachigen Texten von Autorinnen\"><\/a>\n\t<\/div>\n<\/div>\n<\/div>\n<\/li>\n\t\t\t\n\t\t\t\n\t\t\t\t\t\t\t\t\t\t\t\t\t\t\t\t\t\t\t\t\t\t\t\t\t\t\t\t\t\t\t\t\t\t\t\t\t\t\t\t\t\t\t\t\t\t\t\t\t\t\t\t\t\t\t\t\t\t\t\t\t\t\t\t\t\t\t\t<\/ul>\n\t<\/div>\n\t<div class=\"fusion-post-content-wrapper\" style=\"padding:30px 25px 20px 25px;\"><div class=\"fusion-post-content post-content\"><h2 class=\"blog-shortcode-post-title entry-title\"><a href=\"https:\/\/www.usc-dolorssabate.es\/index.php\/en\/2019\/10\/23\/die-glaserne-decke-fakt-order-fiktion-eine-literarische-spurensuchen-in-deutschsprachigen-texten-von-autorinnen\/\">Die Gl\u00e4serne Decke: Fakt order Fiktion? Eine literarische Spurensuchen in deutschsprachigen Texten von Autorinnen<\/a><\/h2><div class=\"fusion-post-content-container\"><p>Sabat\u00e9 Planes, Dolors; Schulz, Marion (Hg.). Peter Lang, Inter-Lit, Frankfurt\/M, 2010.<\/p><\/div><\/div><\/div><div class=\"fusion-clearfix\"><\/div><\/div>\n<\/article>\n<article id=\"blog-1-post-726\" class=\"fusion-post-grid post-726 post type-post status-publish format-standard has-post-thumbnail hentry category-sin-categoria-en\">\n<div class=\"fusion-post-wrapper\" style=\"background-color:rgba(255,255,255,0);border:1px solid #ebeaea;border-bottom-width:3px;\">\n\n\t\t\t<div class=\"fusion-flexslider flexslider fusion-flexslider-loading fusion-post-slideshow\" style=\"border-color:#ebeaea;\">\n\t\t<ul class=\"slides\">\n\t\t\t\n\t\t\t\t\t\t\t\t\t\t\t\t\t\t<li><div  class=\"fusion-image-wrapper\" aria-haspopup=\"true\">\n\t\t\t\t<img decoding=\"async\" width=\"705\" height=\"343\" src=\"https:\/\/www.usc-dolorssabate.es\/wp-content\/uploads\/2019\/05\/lib-03.jpg\" class=\"attachment-full size-full wp-post-image\" alt=\"\" srcset=\"https:\/\/www.usc-dolorssabate.es\/wp-content\/uploads\/2019\/05\/lib-03-200x97.jpg 200w, https:\/\/www.usc-dolorssabate.es\/wp-content\/uploads\/2019\/05\/lib-03-400x195.jpg 400w, https:\/\/www.usc-dolorssabate.es\/wp-content\/uploads\/2019\/05\/lib-03-600x292.jpg 600w, https:\/\/www.usc-dolorssabate.es\/wp-content\/uploads\/2019\/05\/lib-03.jpg 705w\" sizes=\"(min-width: 2200px) 100vw, (min-width: 784px) 340px, (min-width: 712px) 510px, (min-width: 640px) 712px, \" \/><div class=\"fusion-rollover\">\n\t<div class=\"fusion-rollover-content\">\n\n\t\t\t\t\t\t\t\t\t\t\t\t\t\t<a class=\"fusion-rollover-link\" href=\"https:\/\/www.usc-dolorssabate.es\/index.php\/en\/2019\/10\/23\/gender-und-macht-in-der-deutschsprachigen-literatur\/\">Gender und Macht in der deutschsprachigen Literatur<\/a>\n\t\t\t\n\t\t\t\t\t\t\t\t\t\t\t\t\t\t\n\t\t\t\t\t\t\t\t\n\t\t\t\t\t\t\t\t\t\t\t\t\t<div class=\"fusion-rollover-sep\"><\/div>\n\t\t\t\t\n\t\t\t\t\t\t\t\t\t\t\t\t\t\t\t\t\t\t<a class=\"fusion-rollover-gallery\" href=\"https:\/\/www.usc-dolorssabate.es\/wp-content\/uploads\/2019\/05\/lib-03.jpg\" data-options=\"\" data-id=\"726\" data-rel=\"iLightbox[gallery]\" data-title=\"lib-03\" data-caption=\"\">\n\t\t\t\t\t\tGaler\u00eda\t\t\t\t\t<\/a>\n\t\t\t\t\t\t\t\t\t\t\t\t\t\t\n\t\t\n\t\t\t\t\t\t\t\t\t\t\t\t<h4 class=\"fusion-rollover-title\">\n\t\t\t\t\t<a class=\"fusion-rollover-title-link\" href=\"https:\/\/www.usc-dolorssabate.es\/index.php\/en\/2019\/10\/23\/gender-und-macht-in-der-deutschsprachigen-literatur\/\">\n\t\t\t\t\t\tGender und Macht in der deutschsprachigen Literatur\t\t\t\t\t<\/a>\n\t\t\t\t<\/h4>\n\t\t\t\n\t\t\t\t\t\t\t\t\t\t<div class=\"fusion-rollover-categories\"><a href=\"https:\/\/www.usc-dolorssabate.es\/index.php\/en\/category\/sin-categoria-en\/\" rel=\"tag\">Sin categor\u00eda<\/a><\/div>\t\t\t\t\t\n\t\t\n\t\t\t\t\t\t<a class=\"fusion-link-wrapper\" href=\"https:\/\/www.usc-dolorssabate.es\/index.php\/en\/2019\/10\/23\/gender-und-macht-in-der-deutschsprachigen-literatur\/\" aria-label=\"Gender und Macht in der deutschsprachigen Literatur\"><\/a>\n\t<\/div>\n<\/div>\n<\/div>\n<\/li>\n\t\t\t\n\t\t\t\n\t\t\t\t\t\t\t\t\t\t\t\t\t\t\t\t\t\t\t\t\t\t\t\t\t\t\t\t\t\t\t\t\t\t\t\t\t\t\t\t\t\t\t\t\t\t\t\t\t\t\t\t\t\t\t\t\t\t\t\t\t\t\t\t\t\t\t\t<\/ul>\n\t<\/div>\n\t<div class=\"fusion-post-content-wrapper\" style=\"padding:30px 25px 20px 25px;\"><div class=\"fusion-post-content post-content\"><h2 class=\"blog-shortcode-post-title entry-title\"><a href=\"https:\/\/www.usc-dolorssabate.es\/index.php\/en\/2019\/10\/23\/gender-und-macht-in-der-deutschsprachigen-literatur\/\">Gender und Macht in der deutschsprachigen Literatur<\/a><\/h2><div class=\"fusion-post-content-container\"><p>Sabat\u00e9 Planes, Dolors; Feij\u00f3o, Jaime; G\u00f3mez Pato, Rosa Marta; Bascoy, Montserrat (eds.). Peter Lang, Inter-Lit, Frankfurt\/M, 2007.<\/p><\/div><\/div><\/div><div class=\"fusion-clearfix\"><\/div><\/div>\n<\/article>\n<article id=\"blog-1-post-730\" class=\"fusion-post-grid post-730 post type-post status-publish format-standard has-post-thumbnail hentry category-sin-categoria-en\">\n<div class=\"fusion-post-wrapper\" style=\"background-color:rgba(255,255,255,0);border:1px solid #ebeaea;border-bottom-width:3px;\">\n\n\t\t\t<div class=\"fusion-flexslider flexslider fusion-flexslider-loading fusion-post-slideshow\" style=\"border-color:#ebeaea;\">\n\t\t<ul class=\"slides\">\n\t\t\t\n\t\t\t\t\t\t\t\t\t\t\t\t\t\t<li><div  class=\"fusion-image-wrapper\" aria-haspopup=\"true\">\n\t\t\t\t<img decoding=\"async\" width=\"704\" height=\"343\" src=\"https:\/\/www.usc-dolorssabate.es\/wp-content\/uploads\/2019\/05\/lib-08.jpg\" class=\"attachment-full size-full wp-post-image\" alt=\"\" srcset=\"https:\/\/www.usc-dolorssabate.es\/wp-content\/uploads\/2019\/05\/lib-08-200x97.jpg 200w, https:\/\/www.usc-dolorssabate.es\/wp-content\/uploads\/2019\/05\/lib-08-400x195.jpg 400w, https:\/\/www.usc-dolorssabate.es\/wp-content\/uploads\/2019\/05\/lib-08-600x292.jpg 600w, https:\/\/www.usc-dolorssabate.es\/wp-content\/uploads\/2019\/05\/lib-08.jpg 704w\" sizes=\"(min-width: 2200px) 100vw, (min-width: 784px) 340px, (min-width: 712px) 510px, (min-width: 640px) 712px, \" \/><div class=\"fusion-rollover\">\n\t<div class=\"fusion-rollover-content\">\n\n\t\t\t\t\t\t\t\t\t\t\t\t\t\t<a class=\"fusion-rollover-link\" href=\"https:\/\/www.usc-dolorssabate.es\/index.php\/en\/2019\/10\/23\/antoloxia-do-relato-aleman-1945-1960\/\">Antolox\u00eda do relato alem\u00e1n (1945-1960)<\/a>\n\t\t\t\n\t\t\t\t\t\t\t\t\t\t\t\t\t\t\n\t\t\t\t\t\t\t\t\n\t\t\t\t\t\t\t\t\t\t\t\t\t<div class=\"fusion-rollover-sep\"><\/div>\n\t\t\t\t\n\t\t\t\t\t\t\t\t\t\t\t\t\t\t\t\t\t\t<a class=\"fusion-rollover-gallery\" href=\"https:\/\/www.usc-dolorssabate.es\/wp-content\/uploads\/2019\/05\/lib-08.jpg\" data-options=\"\" data-id=\"730\" data-rel=\"iLightbox[gallery]\" data-title=\"lib-08\" data-caption=\"\">\n\t\t\t\t\t\tGaler\u00eda\t\t\t\t\t<\/a>\n\t\t\t\t\t\t\t\t\t\t\t\t\t\t\n\t\t\n\t\t\t\t\t\t\t\t\t\t\t\t<h4 class=\"fusion-rollover-title\">\n\t\t\t\t\t<a class=\"fusion-rollover-title-link\" href=\"https:\/\/www.usc-dolorssabate.es\/index.php\/en\/2019\/10\/23\/antoloxia-do-relato-aleman-1945-1960\/\">\n\t\t\t\t\t\tAntolox\u00eda do relato alem\u00e1n (1945-1960)\t\t\t\t\t<\/a>\n\t\t\t\t<\/h4>\n\t\t\t\n\t\t\t\t\t\t\t\t\t\t<div class=\"fusion-rollover-categories\"><a href=\"https:\/\/www.usc-dolorssabate.es\/index.php\/en\/category\/sin-categoria-en\/\" rel=\"tag\">Sin categor\u00eda<\/a><\/div>\t\t\t\t\t\n\t\t\n\t\t\t\t\t\t<a class=\"fusion-link-wrapper\" href=\"https:\/\/www.usc-dolorssabate.es\/index.php\/en\/2019\/10\/23\/antoloxia-do-relato-aleman-1945-1960\/\" aria-label=\"Antolox\u00eda do relato alem\u00e1n (1945-1960)\"><\/a>\n\t<\/div>\n<\/div>\n<\/div>\n<\/li>\n\t\t\t\n\t\t\t\n\t\t\t\t\t\t\t\t\t\t\t\t\t\t\t\t\t\t\t\t\t\t\t\t\t\t\t\t\t\t\t\t\t\t\t\t\t\t\t\t\t\t\t\t\t\t\t\t\t\t\t\t\t\t\t\t\t\t\t\t\t\t\t\t\t\t\t\t<\/ul>\n\t<\/div>\n\t<div class=\"fusion-post-content-wrapper\" style=\"padding:30px 25px 20px 25px;\"><div class=\"fusion-post-content post-content\"><h2 class=\"blog-shortcode-post-title entry-title\"><a href=\"https:\/\/www.usc-dolorssabate.es\/index.php\/en\/2019\/10\/23\/antoloxia-do-relato-aleman-1945-1960\/\">Antolox\u00eda do relato alem\u00e1n (1945-1960)<\/a><\/h2><div class=\"fusion-post-content-container\"><p>Sabat\u00e9 Planes, Dolors; Rosa Marta G\u00f3mez Pato (eds). Follas novas. Libros da Frouma. Santiago de Compostela, 2006.<\/p><\/div><\/div><\/div><div class=\"fusion-clearfix\"><\/div><\/div>\n<\/article>\n<article id=\"blog-1-post-734\" class=\"fusion-post-grid post-734 post type-post status-publish format-standard has-post-thumbnail hentry category-sin-categoria-en\">\n<div class=\"fusion-post-wrapper\" style=\"background-color:rgba(255,255,255,0);border:1px solid #ebeaea;border-bottom-width:3px;\">\n\n\t\t\t<div class=\"fusion-flexslider flexslider fusion-flexslider-loading fusion-post-slideshow\" style=\"border-color:#ebeaea;\">\n\t\t<ul class=\"slides\">\n\t\t\t\n\t\t\t\t\t\t\t\t\t\t\t\t\t\t<li><div  class=\"fusion-image-wrapper\" aria-haspopup=\"true\">\n\t\t\t\t<img decoding=\"async\" width=\"704\" height=\"342\" src=\"https:\/\/www.usc-dolorssabate.es\/wp-content\/uploads\/2019\/05\/lib-04.jpg\" class=\"attachment-full size-full wp-post-image\" alt=\"\" srcset=\"https:\/\/www.usc-dolorssabate.es\/wp-content\/uploads\/2019\/05\/lib-04-200x97.jpg 200w, https:\/\/www.usc-dolorssabate.es\/wp-content\/uploads\/2019\/05\/lib-04-400x194.jpg 400w, https:\/\/www.usc-dolorssabate.es\/wp-content\/uploads\/2019\/05\/lib-04-600x291.jpg 600w, https:\/\/www.usc-dolorssabate.es\/wp-content\/uploads\/2019\/05\/lib-04.jpg 704w\" sizes=\"(min-width: 2200px) 100vw, (min-width: 784px) 340px, (min-width: 712px) 510px, (min-width: 640px) 712px, \" \/><div class=\"fusion-rollover\">\n\t<div class=\"fusion-rollover-content\">\n\n\t\t\t\t\t\t\t\t\t\t\t\t\t\t<a class=\"fusion-rollover-link\" href=\"https:\/\/www.usc-dolorssabate.es\/index.php\/en\/2019\/10\/23\/narrativa-alemana-de-los-siglos-xix-y-xx\/\">Narrativa Alemana de los siglos XIX y XX<\/a>\n\t\t\t\n\t\t\t\t\t\t\t\t\t\t\t\t\t\t\n\t\t\t\t\t\t\t\t\n\t\t\t\t\t\t\t\t\t\t\t\t\t<div class=\"fusion-rollover-sep\"><\/div>\n\t\t\t\t\n\t\t\t\t\t\t\t\t\t\t\t\t\t\t\t\t\t\t<a class=\"fusion-rollover-gallery\" href=\"https:\/\/www.usc-dolorssabate.es\/wp-content\/uploads\/2019\/05\/lib-04.jpg\" data-options=\"\" data-id=\"734\" data-rel=\"iLightbox[gallery]\" data-title=\"lib-04\" data-caption=\"\">\n\t\t\t\t\t\tGaler\u00eda\t\t\t\t\t<\/a>\n\t\t\t\t\t\t\t\t\t\t\t\t\t\t\n\t\t\n\t\t\t\t\t\t\t\t\t\t\t\t<h4 class=\"fusion-rollover-title\">\n\t\t\t\t\t<a class=\"fusion-rollover-title-link\" href=\"https:\/\/www.usc-dolorssabate.es\/index.php\/en\/2019\/10\/23\/narrativa-alemana-de-los-siglos-xix-y-xx\/\">\n\t\t\t\t\t\tNarrativa Alemana de los siglos XIX y XX\t\t\t\t\t<\/a>\n\t\t\t\t<\/h4>\n\t\t\t\n\t\t\t\t\t\t\t\t\t\t<div class=\"fusion-rollover-categories\"><a href=\"https:\/\/www.usc-dolorssabate.es\/index.php\/en\/category\/sin-categoria-en\/\" rel=\"tag\">Sin categor\u00eda<\/a><\/div>\t\t\t\t\t\n\t\t\n\t\t\t\t\t\t<a class=\"fusion-link-wrapper\" href=\"https:\/\/www.usc-dolorssabate.es\/index.php\/en\/2019\/10\/23\/narrativa-alemana-de-los-siglos-xix-y-xx\/\" aria-label=\"Narrativa Alemana de los siglos XIX y XX\"><\/a>\n\t<\/div>\n<\/div>\n<\/div>\n<\/li>\n\t\t\t\n\t\t\t\n\t\t\t\t\t\t\t\t\t\t\t\t\t\t\t\t\t\t\t\t\t\t\t\t\t\t\t\t\t\t\t\t\t\t\t\t\t\t\t\t\t\t\t\t\t\t\t\t\t\t\t\t\t\t\t\t\t\t\t\t\t\t\t\t\t\t\t\t<\/ul>\n\t<\/div>\n\t<div class=\"fusion-post-content-wrapper\" style=\"padding:30px 25px 20px 25px;\"><div class=\"fusion-post-content post-content\"><h2 class=\"blog-shortcode-post-title entry-title\"><a href=\"https:\/\/www.usc-dolorssabate.es\/index.php\/en\/2019\/10\/23\/narrativa-alemana-de-los-siglos-xix-y-xx\/\">Narrativa Alemana de los siglos XIX y XX<\/a><\/h2><div class=\"fusion-post-content-container\"><p>Sabat\u00e9 Planes, Dolors; Hern\u00e1ndez Isabel. S\u00edntesis, Madrid 2005.<\/p><\/div><\/div><\/div><div class=\"fusion-clearfix\"><\/div><\/div>\n<\/article>\n<article id=\"blog-1-post-738\" class=\"fusion-post-grid post-738 post type-post status-publish format-standard has-post-thumbnail hentry category-sin-categoria-en\">\n<div class=\"fusion-post-wrapper\" style=\"background-color:rgba(255,255,255,0);border:1px solid #ebeaea;border-bottom-width:3px;\">\n\n\t\t\t<div class=\"fusion-flexslider flexslider fusion-flexslider-loading fusion-post-slideshow\" style=\"border-color:#ebeaea;\">\n\t\t<ul class=\"slides\">\n\t\t\t\n\t\t\t\t\t\t\t\t\t\t\t\t\t\t<li><div  class=\"fusion-image-wrapper\" aria-haspopup=\"true\">\n\t\t\t\t<img decoding=\"async\" width=\"704\" height=\"342\" src=\"https:\/\/www.usc-dolorssabate.es\/wp-content\/uploads\/2019\/09\/LIB-14.jpg\" class=\"attachment-full size-full wp-post-image\" alt=\"\" srcset=\"https:\/\/www.usc-dolorssabate.es\/wp-content\/uploads\/2019\/09\/LIB-14-200x97.jpg 200w, https:\/\/www.usc-dolorssabate.es\/wp-content\/uploads\/2019\/09\/LIB-14-400x194.jpg 400w, https:\/\/www.usc-dolorssabate.es\/wp-content\/uploads\/2019\/09\/LIB-14-600x291.jpg 600w, https:\/\/www.usc-dolorssabate.es\/wp-content\/uploads\/2019\/09\/LIB-14.jpg 704w\" sizes=\"(min-width: 2200px) 100vw, (min-width: 784px) 340px, (min-width: 712px) 510px, (min-width: 640px) 712px, \" \/><div class=\"fusion-rollover\">\n\t<div class=\"fusion-rollover-content\">\n\n\t\t\t\t\t\t\t\t\t\t\t\t\t\t<a class=\"fusion-rollover-link\" href=\"https:\/\/www.usc-dolorssabate.es\/index.php\/en\/2019\/10\/23\/ramon-ma-del-valle-inclan-en-alemania-recepcion-y-traduccion-del-esperpento-2\/\">Ram\u00f3n M\u00aa del Valle-Incl\u00e1n en Alemania: recepci\u00f3n y traducci\u00f3n del esperpento.<\/a>\n\t\t\t\n\t\t\t\t\t\t\t\t\t\t\t\t\t\t\n\t\t\t\t\t\t\t\t\n\t\t\t\t\t\t\t\t\t\t\t\t\t<div class=\"fusion-rollover-sep\"><\/div>\n\t\t\t\t\n\t\t\t\t\t\t\t\t\t\t\t\t\t\t\t\t\t\t<a class=\"fusion-rollover-gallery\" href=\"https:\/\/www.usc-dolorssabate.es\/wp-content\/uploads\/2019\/09\/LIB-14.jpg\" data-options=\"\" data-id=\"738\" data-rel=\"iLightbox[gallery]\" data-title=\"LIB-14\" data-caption=\"\">\n\t\t\t\t\t\tGaler\u00eda\t\t\t\t\t<\/a>\n\t\t\t\t\t\t\t\t\t\t\t\t\t\t\n\t\t\n\t\t\t\t\t\t\t\t\t\t\t\t<h4 class=\"fusion-rollover-title\">\n\t\t\t\t\t<a class=\"fusion-rollover-title-link\" href=\"https:\/\/www.usc-dolorssabate.es\/index.php\/en\/2019\/10\/23\/ramon-ma-del-valle-inclan-en-alemania-recepcion-y-traduccion-del-esperpento-2\/\">\n\t\t\t\t\t\tRam\u00f3n M\u00aa del Valle-Incl\u00e1n en Alemania: recepci\u00f3n y traducci\u00f3n del esperpento.\t\t\t\t\t<\/a>\n\t\t\t\t<\/h4>\n\t\t\t\n\t\t\t\t\t\t\t\t\t\t<div class=\"fusion-rollover-categories\"><a href=\"https:\/\/www.usc-dolorssabate.es\/index.php\/en\/category\/sin-categoria-en\/\" rel=\"tag\">Sin categor\u00eda<\/a><\/div>\t\t\t\t\t\n\t\t\n\t\t\t\t\t\t<a class=\"fusion-link-wrapper\" href=\"https:\/\/www.usc-dolorssabate.es\/index.php\/en\/2019\/10\/23\/ramon-ma-del-valle-inclan-en-alemania-recepcion-y-traduccion-del-esperpento-2\/\" aria-label=\"Ram\u00f3n M\u00aa del Valle-Incl\u00e1n en Alemania: recepci\u00f3n y traducci\u00f3n del esperpento.\"><\/a>\n\t<\/div>\n<\/div>\n<\/div>\n<\/li>\n\t\t\t\n\t\t\t\n\t\t\t\t\t\t\t\t\t\t\t\t\t\t\t\t\t\t\t\t\t\t\t\t\t\t\t\t\t\t\t\t\t\t\t\t\t\t\t\t\t\t\t\t\t\t\t\t\t\t\t\t\t\t\t\t\t\t\t\t\t\t\t\t\t\t\t\t<\/ul>\n\t<\/div>\n\t<div class=\"fusion-post-content-wrapper\" style=\"padding:30px 25px 20px 25px;\"><div class=\"fusion-post-content post-content\"><h2 class=\"blog-shortcode-post-title entry-title\"><a href=\"https:\/\/www.usc-dolorssabate.es\/index.php\/en\/2019\/10\/23\/ramon-ma-del-valle-inclan-en-alemania-recepcion-y-traduccion-del-esperpento-2\/\">Ram\u00f3n M\u00aa del Valle-Incl\u00e1n en Alemania: recepci\u00f3n y traducci\u00f3n del esperpento.<\/a><\/h2><div class=\"fusion-post-content-container\"><p>Sabat\u00e9 Planes, Dolors. Titulo. Reichensberger. Kassel, 1998.<\/p><\/div><\/div><\/div><div class=\"fusion-clearfix\"><\/div><\/div>\n<\/article>\n<div class=\"fusion-clearfix\"><\/div><\/div><\/div><div class=\"fusion-clearfix\"><\/div><\/div><\/div><\/div><\/div>\n","protected":false},"excerpt":{"rendered":"","protected":false},"author":1,"featured_media":0,"parent":0,"menu_order":0,"comment_status":"closed","ping_status":"closed","template":"","meta":{"footnotes":""},"class_list":["post-674","page","type-page","status-publish","hentry"],"_links":{"self":[{"href":"https:\/\/www.usc-dolorssabate.es\/index.php\/wp-json\/wp\/v2\/pages\/674","targetHints":{"allow":["GET"]}}],"collection":[{"href":"https:\/\/www.usc-dolorssabate.es\/index.php\/wp-json\/wp\/v2\/pages"}],"about":[{"href":"https:\/\/www.usc-dolorssabate.es\/index.php\/wp-json\/wp\/v2\/types\/page"}],"author":[{"embeddable":true,"href":"https:\/\/www.usc-dolorssabate.es\/index.php\/wp-json\/wp\/v2\/users\/1"}],"replies":[{"embeddable":true,"href":"https:\/\/www.usc-dolorssabate.es\/index.php\/wp-json\/wp\/v2\/comments?post=674"}],"version-history":[{"count":4,"href":"https:\/\/www.usc-dolorssabate.es\/index.php\/wp-json\/wp\/v2\/pages\/674\/revisions"}],"predecessor-version":[{"id":1616,"href":"https:\/\/www.usc-dolorssabate.es\/index.php\/wp-json\/wp\/v2\/pages\/674\/revisions\/1616"}],"wp:attachment":[{"href":"https:\/\/www.usc-dolorssabate.es\/index.php\/wp-json\/wp\/v2\/media?parent=674"}],"curies":[{"name":"wp","href":"https:\/\/api.w.org\/{rel}","templated":true}]}}